{"id":1239,"date":"2025-12-21T23:32:26","date_gmt":"2025-12-21T23:32:26","guid":{"rendered":"https:\/\/www.blubic.com\/impuls-a-la-mobilitat-activa-saludable-i-sostenible\/"},"modified":"2026-03-30T16:37:59","modified_gmt":"2026-03-30T14:37:59","slug":"impuls-a-la-mobilitat-activa-saludable-i-sostenible","status":"publish","type":"page","link":"https:\/\/www.blubic.com\/ca\/impuls-a-la-mobilitat-activa-saludable-i-sostenible\/","title":{"rendered":"Impuls a la mobilitat activa, saludable i sostenible"},"content":{"rendered":"\t\t<div data-elementor-type=\"wp-page\" data-elementor-id=\"1239\" class=\"elementor elementor-1239 elementor-330\" data-elementor-post-type=\"page\">\n\t\t\t\t<div class=\"elementor-element elementor-element-96002fd e-flex e-con-boxed e-con e-parent\" data-id=\"96002fd\" data-element_type=\"container\" data-e-type=\"container\">\n\t\t\t\t\t<div class=\"e-con-inner\">\n\t\t<div class=\"elementor-element elementor-element-fe6f957 e-con-full e-flex e-con e-child\" data-id=\"fe6f957\" data-element_type=\"container\" data-e-type=\"container\">\n\t\t\t\t<div class=\"elementor-element elementor-element-8776bed elementor-widget elementor-widget-heading\" data-id=\"8776bed\" data-element_type=\"widget\" data-e-type=\"widget\" data-widget_type=\"heading.default\">\n\t\t\t\t\t<h1 class=\"elementor-heading-title elementor-size-default\">Impuls a la mobilitat activa, saludable i sostenible<\/h1>\t\t\t\t<\/div>\n\t\t\t\t<div class=\"elementor-element elementor-element-856e628 elementor-widget__width-initial elementor-widget elementor-widget-text-editor\" data-id=\"856e628\" data-element_type=\"widget\" data-e-type=\"widget\" data-widget_type=\"text-editor.default\">\n\t\t\t\t\t\t\t\t\t<p>Planifiquem, dissenyem i activem solucions reals per impulsar la mobilitat activa a escoles, ciutats i empreses.<\/p>\t\t\t\t\t\t\t\t<\/div>\n\t\t\t\t<\/div>\n\t\t\t\t<div class=\"elementor-element elementor-element-0d91eee elementor-widget elementor-widget-button\" data-id=\"0d91eee\" data-element_type=\"widget\" data-e-type=\"widget\" data-widget_type=\"button.default\">\n\t\t\t\t\t\t\t\t\t\t<a class=\"elementor-button elementor-button-link elementor-size-sm\" href=\"https:\/\/www.blubic.com\/ca\/contacte\/\">\n\t\t\t\t\t\t<span class=\"elementor-button-content-wrapper\">\n\t\t\t\t\t\t\t\t\t<span class=\"elementor-button-text\">Contacta amb nosaltres<\/span>\n\t\t\t\t\t<\/span>\n\t\t\t\t\t<\/a>\n\t\t\t\t\t\t\t\t<\/div>\n\t\t\t\t\t<\/div>\n\t\t\t\t<\/div>\n\t\t<div class=\"elementor-element elementor-element-9457d3a e-flex e-con-boxed e-con e-parent\" data-id=\"9457d3a\" data-element_type=\"container\" data-e-type=\"container\">\n\t\t\t\t\t<div class=\"e-con-inner\">\n\t\t<div class=\"elementor-element elementor-element-0a8cc03 e-con-full e-flex e-con e-child\" data-id=\"0a8cc03\" data-element_type=\"container\" data-e-type=\"container\">\n\t\t\t\t<div class=\"elementor-element elementor-element-6dbb8de elementor-widget elementor-widget-image\" data-id=\"6dbb8de\" data-element_type=\"widget\" data-e-type=\"widget\" data-widget_type=\"image.default\">\n\t\t\t\t\t\t\t\t\t\t\t\t\t\t\t<img fetchpriority=\"high\" decoding=\"async\" width=\"560\" height=\"358\" src=\"https:\/\/www.blubic.com\/wp-content\/uploads\/2025\/12\/Bicibus.png\" class=\"attachment-large size-large wp-image-1392\" alt=\"Bicib\u00fas Viladecans | blubic\" srcset=\"https:\/\/www.blubic.com\/wp-content\/uploads\/2025\/12\/Bicibus.png 560w, https:\/\/www.blubic.com\/wp-content\/uploads\/2025\/12\/Bicibus-300x192.png 300w\" sizes=\"(max-width: 560px) 100vw, 560px\" \/>\t\t\t\t\t\t\t\t\t\t\t\t\t\t\t<\/div>\n\t\t\t\t<\/div>\n\t\t<div class=\"elementor-element elementor-element-f3720f2 e-con-full e-flex e-con e-child\" data-id=\"f3720f2\" data-element_type=\"container\" data-e-type=\"container\">\n\t\t<div class=\"elementor-element elementor-element-5d28098 e-con-full e-flex e-con e-child\" data-id=\"5d28098\" data-element_type=\"container\" data-e-type=\"container\">\n\t\t\t\t<div class=\"elementor-element elementor-element-effb808 tag elementor-widget elementor-widget-heading\" data-id=\"effb808\" data-element_type=\"widget\" data-e-type=\"widget\" data-widget_type=\"heading.default\">\n\t\t\t\t\t<span class=\"elementor-heading-title elementor-size-default\">Educaci\u00f3 i comunitat<\/span>\t\t\t\t<\/div>\n\t\t\t\t<div class=\"elementor-element elementor-element-c09de0e elementor-widget elementor-widget-heading\" data-id=\"c09de0e\" data-element_type=\"widget\" data-e-type=\"widget\" data-widget_type=\"heading.default\">\n\t\t\t\t\t<h2 class=\"elementor-heading-title elementor-size-default\">Mobilitat escolar segura i activa<\/h2>\t\t\t\t<\/div>\n\t\t\t\t<\/div>\n\t\t\t\t<div class=\"elementor-element elementor-element-9916536 elementor-widget elementor-widget-text-editor\" data-id=\"9916536\" data-element_type=\"widget\" data-e-type=\"widget\" data-widget_type=\"text-editor.default\">\n\t\t\t\t\t\t\t\t\t<p>Dissenyem projectes de mobilitat escolar que fomenten h\u00e0bits saludables, redueixen el tr\u00e0nsit i milloren la seguretat a l&#8217;entorn educatiu.<\/p>\t\t\t\t\t\t\t\t<\/div>\n\t\t\t\t<div class=\"elementor-element elementor-element-68e6e89 elementor-align-start elementor-icon-list--layout-traditional elementor-list-item-link-full_width elementor-widget elementor-widget-icon-list\" data-id=\"68e6e89\" data-element_type=\"widget\" data-e-type=\"widget\" data-widget_type=\"icon-list.default\">\n\t\t\t\t\t\t\t<ul class=\"elementor-icon-list-items\">\n\t\t\t\t\t\t\t<li class=\"elementor-icon-list-item\">\n\t\t\t\t\t\t\t\t\t\t\t<span class=\"elementor-icon-list-icon\">\n\t\t\t\t\t\t\t<svg xmlns=\"http:\/\/www.w3.org\/2000\/svg\" width=\"24\" height=\"24\" viewBox=\"0 0 24 24\" fill=\"none\"><rect width=\"24\" height=\"24\" rx=\"4\" fill=\"#E0F8D2\"><\/rect><path d=\"M17.2698 6.95377C17.6273 7.21377 17.7073 7.71377 17.4473 8.07127L11.0473 16.8713C10.9098 17.0613 10.6973 17.1788 10.4623 17.1988C10.2273 17.2188 9.99977 17.1313 9.83477 16.9663L6.63477 13.7663C6.32227 13.4538 6.32227 12.9463 6.63477 12.6338C6.94727 12.3213 7.45477 12.3213 7.76727 12.6338L10.3048 15.1713L16.1548 7.12877C16.4148 6.77127 16.9148 6.69127 17.2723 6.95127L17.2698 6.95377Z\" fill=\"#538E2E\"><\/path><\/svg>\t\t\t\t\t\t<\/span>\n\t\t\t\t\t\t\t\t\t\t<span class=\"elementor-icon-list-text\"><a href=\"https:\/\/bicibus.eu\/es\/\" target=\"blank\">Bicibus escolar<\/a>: metodologia, recursos i app de gesti\u00f3.<\/span>\n\t\t\t\t\t\t\t\t\t<\/li>\n\t\t\t\t\t\t\t\t<li class=\"elementor-icon-list-item\">\n\t\t\t\t\t\t\t\t\t\t\t<span class=\"elementor-icon-list-icon\">\n\t\t\t\t\t\t\t<svg xmlns=\"http:\/\/www.w3.org\/2000\/svg\" width=\"24\" height=\"24\" viewBox=\"0 0 24 24\" fill=\"none\"><rect width=\"24\" height=\"24\" rx=\"4\" fill=\"#E0F8D2\"><\/rect><path d=\"M17.2698 6.95377C17.6273 7.21377 17.7073 7.71377 17.4473 8.07127L11.0473 16.8713C10.9098 17.0613 10.6973 17.1788 10.4623 17.1988C10.2273 17.2188 9.99977 17.1313 9.83477 16.9663L6.63477 13.7663C6.32227 13.4538 6.32227 12.9463 6.63477 12.6338C6.94727 12.3213 7.45477 12.3213 7.76727 12.6338L10.3048 15.1713L16.1548 7.12877C16.4148 6.77127 16.9148 6.69127 17.2723 6.95127L17.2698 6.95377Z\" fill=\"#538E2E\"><\/path><\/svg>\t\t\t\t\t\t<\/span>\n\t\t\t\t\t\t\t\t\t\t<span class=\"elementor-icon-list-text\">Estudis de mobilitat i camins escolars segurs (STARS).<\/span>\n\t\t\t\t\t\t\t\t\t<\/li>\n\t\t\t\t\t\t\t\t<li class=\"elementor-icon-list-item\">\n\t\t\t\t\t\t\t\t\t\t\t<span class=\"elementor-icon-list-icon\">\n\t\t\t\t\t\t\t<svg xmlns=\"http:\/\/www.w3.org\/2000\/svg\" width=\"24\" height=\"24\" viewBox=\"0 0 24 24\" fill=\"none\"><rect width=\"24\" height=\"24\" rx=\"4\" fill=\"#E0F8D2\"><\/rect><path d=\"M17.2698 6.95377C17.6273 7.21377 17.7073 7.71377 17.4473 8.07127L11.0473 16.8713C10.9098 17.0613 10.6973 17.1788 10.4623 17.1988C10.2273 17.2188 9.99977 17.1313 9.83477 16.9663L6.63477 13.7663C6.32227 13.4538 6.32227 12.9463 6.63477 12.6338C6.94727 12.3213 7.45477 12.3213 7.76727 12.6338L10.3048 15.1713L16.1548 7.12877C16.4148 6.77127 16.9148 6.69127 17.2723 6.95127L17.2698 6.95377Z\" fill=\"#538E2E\"><\/path><\/svg>\t\t\t\t\t\t<\/span>\n\t\t\t\t\t\t\t\t\t\t<span class=\"elementor-icon-list-text\">Activitats educatives, tallers i accions de sensibilitzaci\u00f3.<\/span>\n\t\t\t\t\t\t\t\t\t<\/li>\n\t\t\t\t\t\t<\/ul>\n\t\t\t\t\t\t<\/div>\n\t\t\t\t<\/div>\n\t\t\t\t\t<\/div>\n\t\t\t\t<\/div>\n\t\t<div class=\"elementor-element elementor-element-c661bbf e-flex e-con-boxed e-con e-parent\" data-id=\"c661bbf\" data-element_type=\"container\" data-e-type=\"container\">\n\t\t\t\t\t<div class=\"e-con-inner\">\n\t\t<div class=\"elementor-element elementor-element-f185fd1 e-con-full e-flex e-con e-child\" data-id=\"f185fd1\" data-element_type=\"container\" data-e-type=\"container\">\n\t\t<div class=\"elementor-element elementor-element-4729c9c e-con-full e-flex e-con e-child\" data-id=\"4729c9c\" data-element_type=\"container\" data-e-type=\"container\">\n\t\t\t\t<div class=\"elementor-element elementor-element-c3bb98e tag elementor-widget elementor-widget-heading\" data-id=\"c3bb98e\" data-element_type=\"widget\" data-e-type=\"widget\" data-widget_type=\"heading.default\">\n\t\t\t\t\t<span class=\"elementor-heading-title elementor-size-default\">Estrat\u00e8gia i ciutat<\/span>\t\t\t\t<\/div>\n\t\t\t\t<div class=\"elementor-element elementor-element-62a86fc elementor-widget elementor-widget-heading\" data-id=\"62a86fc\" data-element_type=\"widget\" data-e-type=\"widget\" data-widget_type=\"heading.default\">\n\t\t\t\t\t<h2 class=\"elementor-heading-title elementor-size-default\">Consultoria en mobilitat ciclista urbana<\/h2>\t\t\t\t<\/div>\n\t\t\t\t<\/div>\n\t\t\t\t<div class=\"elementor-element elementor-element-9168cc6 elementor-widget elementor-widget-text-editor\" data-id=\"9168cc6\" data-element_type=\"widget\" data-e-type=\"widget\" data-widget_type=\"text-editor.default\">\n\t\t\t\t\t\t\t\t\t<p>Acompanyem administracions i organitzacions en la definici\u00f3 d\u201festrat\u00e8gies de mobilitat ciclista i activa, amb un enfocament t\u00e8cnic i participatiu.<\/p>\t\t\t\t\t\t\t\t<\/div>\n\t\t\t\t<div class=\"elementor-element elementor-element-b4634e8 elementor-icon-list--layout-traditional elementor-list-item-link-full_width elementor-widget elementor-widget-icon-list\" data-id=\"b4634e8\" data-element_type=\"widget\" data-e-type=\"widget\" data-widget_type=\"icon-list.default\">\n\t\t\t\t\t\t\t<ul class=\"elementor-icon-list-items\">\n\t\t\t\t\t\t\t<li class=\"elementor-icon-list-item\">\n\t\t\t\t\t\t\t\t\t\t\t<span class=\"elementor-icon-list-icon\">\n\t\t\t\t\t\t\t<svg xmlns=\"http:\/\/www.w3.org\/2000\/svg\" width=\"24\" height=\"24\" viewBox=\"0 0 24 24\" fill=\"none\"><rect width=\"24\" height=\"24\" rx=\"4\" fill=\"#E0F8D2\"><\/rect><path d=\"M17.2698 6.95377C17.6273 7.21377 17.7073 7.71377 17.4473 8.07127L11.0473 16.8713C10.9098 17.0613 10.6973 17.1788 10.4623 17.1988C10.2273 17.2188 9.99977 17.1313 9.83477 16.9663L6.63477 13.7663C6.32227 13.4538 6.32227 12.9463 6.63477 12.6338C6.94727 12.3213 7.45477 12.3213 7.76727 12.6338L10.3048 15.1713L16.1548 7.12877C16.4148 6.77127 16.9148 6.69127 17.2723 6.95127L17.2698 6.95377Z\" fill=\"#538E2E\"><\/path><\/svg>\t\t\t\t\t\t<\/span>\n\t\t\t\t\t\t\t\t\t\t<span class=\"elementor-icon-list-text\">Consultoria i estudis de mobilitat ciclista.<\/span>\n\t\t\t\t\t\t\t\t\t<\/li>\n\t\t\t\t\t\t\t\t<li class=\"elementor-icon-list-item\">\n\t\t\t\t\t\t\t\t\t\t\t<span class=\"elementor-icon-list-icon\">\n\t\t\t\t\t\t\t<svg xmlns=\"http:\/\/www.w3.org\/2000\/svg\" width=\"24\" height=\"24\" viewBox=\"0 0 24 24\" fill=\"none\"><rect width=\"24\" height=\"24\" rx=\"4\" fill=\"#E0F8D2\"><\/rect><path d=\"M17.2698 6.95377C17.6273 7.21377 17.7073 7.71377 17.4473 8.07127L11.0473 16.8713C10.9098 17.0613 10.6973 17.1788 10.4623 17.1988C10.2273 17.2188 9.99977 17.1313 9.83477 16.9663L6.63477 13.7663C6.32227 13.4538 6.32227 12.9463 6.63477 12.6338C6.94727 12.3213 7.45477 12.3213 7.76727 12.6338L10.3048 15.1713L16.1548 7.12877C16.4148 6.77127 16.9148 6.69127 17.2723 6.95127L17.2698 6.95377Z\" fill=\"#538E2E\"><\/path><\/svg>\t\t\t\t\t\t<\/span>\n\t\t\t\t\t\t\t\t\t\t<span class=\"elementor-icon-list-text\">Formaci\u00f3, comunicaci\u00f3 i participaci\u00f3 ciutadana.<\/span>\n\t\t\t\t\t\t\t\t\t<\/li>\n\t\t\t\t\t\t\t\t<li class=\"elementor-icon-list-item\">\n\t\t\t\t\t\t\t\t\t\t\t<span class=\"elementor-icon-list-icon\">\n\t\t\t\t\t\t\t<svg xmlns=\"http:\/\/www.w3.org\/2000\/svg\" width=\"24\" height=\"24\" viewBox=\"0 0 24 24\" fill=\"none\"><rect width=\"24\" height=\"24\" rx=\"4\" fill=\"#E0F8D2\"><\/rect><path d=\"M17.2698 6.95377C17.6273 7.21377 17.7073 7.71377 17.4473 8.07127L11.0473 16.8713C10.9098 17.0613 10.6973 17.1788 10.4623 17.1988C10.2273 17.2188 9.99977 17.1313 9.83477 16.9663L6.63477 13.7663C6.32227 13.4538 6.32227 12.9463 6.63477 12.6338C6.94727 12.3213 7.45477 12.3213 7.76727 12.6338L10.3048 15.1713L16.1548 7.12877C16.4148 6.77127 16.9148 6.69127 17.2723 6.95127L17.2698 6.95377Z\" fill=\"#538E2E\"><\/path><\/svg>\t\t\t\t\t\t<\/span>\n\t\t\t\t\t\t\t\t\t\t<span class=\"elementor-icon-list-text\">C\u00e0lcul, reducci\u00f3 i compensaci\u00f3 de la petjada de carboni.<\/span>\n\t\t\t\t\t\t\t\t\t<\/li>\n\t\t\t\t\t\t<\/ul>\n\t\t\t\t\t\t<\/div>\n\t\t\t\t<\/div>\n\t\t<div class=\"elementor-element elementor-element-2a0e4d0 e-con-full e-flex e-con e-child\" data-id=\"2a0e4d0\" data-element_type=\"container\" data-e-type=\"container\">\n\t\t\t\t<div class=\"elementor-element elementor-element-51cb0b7 elementor-widget elementor-widget-image\" data-id=\"51cb0b7\" data-element_type=\"widget\" data-e-type=\"widget\" data-widget_type=\"image.default\">\n\t\t\t\t\t\t\t\t\t\t\t\t\t\t\t<img decoding=\"async\" width=\"800\" height=\"533\" src=\"https:\/\/www.blubic.com\/wp-content\/uploads\/2025\/12\/bike-corporate.webp\" class=\"attachment-large size-large wp-image-1379\" alt=\"Movilidad urbana en bicicleta\" srcset=\"https:\/\/www.blubic.com\/wp-content\/uploads\/2025\/12\/bike-corporate.webp 900w, https:\/\/www.blubic.com\/wp-content\/uploads\/2025\/12\/bike-corporate-300x200.webp 300w, https:\/\/www.blubic.com\/wp-content\/uploads\/2025\/12\/bike-corporate-768x512.webp 768w\" sizes=\"(max-width: 800px) 100vw, 800px\" \/>\t\t\t\t\t\t\t\t\t\t\t\t\t\t\t<\/div>\n\t\t\t\t<\/div>\n\t\t\t\t\t<\/div>\n\t\t\t\t<\/div>\n\t\t<div class=\"elementor-element elementor-element-5b22e3d e-flex e-con-boxed e-con e-parent\" data-id=\"5b22e3d\" data-element_type=\"container\" data-e-type=\"container\">\n\t\t\t\t\t<div class=\"e-con-inner\">\n\t\t<div class=\"elementor-element elementor-element-554ee1f e-con-full e-flex e-con e-child\" data-id=\"554ee1f\" data-element_type=\"container\" data-e-type=\"container\">\n\t\t\t\t<div class=\"elementor-element elementor-element-772d2ef elementor-widget elementor-widget-image\" data-id=\"772d2ef\" data-element_type=\"widget\" data-e-type=\"widget\" data-widget_type=\"image.default\">\n\t\t\t\t\t\t\t\t\t\t\t\t\t\t\t<img decoding=\"async\" width=\"800\" height=\"534\" src=\"https:\/\/www.blubic.com\/wp-content\/uploads\/2025\/12\/parking-de-bicis.webp\" class=\"attachment-large size-large wp-image-1391\" alt=\"\" srcset=\"https:\/\/www.blubic.com\/wp-content\/uploads\/2025\/12\/parking-de-bicis.webp 900w, https:\/\/www.blubic.com\/wp-content\/uploads\/2025\/12\/parking-de-bicis-300x200.webp 300w, https:\/\/www.blubic.com\/wp-content\/uploads\/2025\/12\/parking-de-bicis-768x513.webp 768w\" sizes=\"(max-width: 800px) 100vw, 800px\" \/>\t\t\t\t\t\t\t\t\t\t\t\t\t\t\t<\/div>\n\t\t\t\t<\/div>\n\t\t<div class=\"elementor-element elementor-element-29f0121 e-con-full e-flex e-con e-child\" data-id=\"29f0121\" data-element_type=\"container\" data-e-type=\"container\">\n\t\t<div class=\"elementor-element elementor-element-7088965 e-con-full e-flex e-con e-child\" data-id=\"7088965\" data-element_type=\"container\" data-e-type=\"container\">\n\t\t\t\t<div class=\"elementor-element elementor-element-c6e0c93 tag elementor-widget elementor-widget-heading\" data-id=\"c6e0c93\" data-element_type=\"widget\" data-e-type=\"widget\" data-widget_type=\"heading.default\">\n\t\t\t\t\t<span class=\"elementor-heading-title elementor-size-default\">Infraestructura i empresa<\/span>\t\t\t\t<\/div>\n\t\t\t\t<div class=\"elementor-element elementor-element-da9b017 elementor-widget elementor-widget-heading\" data-id=\"da9b017\" data-element_type=\"widget\" data-e-type=\"widget\" data-widget_type=\"heading.default\">\n\t\t\t\t\t<h2 class=\"elementor-heading-title elementor-size-default\">Infraestructura ciclista per a edificis i empreses<\/h2>\t\t\t\t<\/div>\n\t\t\t\t<\/div>\n\t\t\t\t<div class=\"elementor-element elementor-element-a5eca2a elementor-widget elementor-widget-text-editor\" data-id=\"a5eca2a\" data-element_type=\"widget\" data-e-type=\"widget\" data-widget_type=\"text-editor.default\">\n\t\t\t\t\t\t\t\t\t<p>Optimitzem espais i infraestructures per facilitar l\u00fas quotidi\u00e0 de la bicicleta i la mobilitat activa.<\/p>\t\t\t\t\t\t\t\t<\/div>\n\t\t\t\t<div class=\"elementor-element elementor-element-da2d014 elementor-icon-list--layout-traditional elementor-list-item-link-full_width elementor-widget elementor-widget-icon-list\" data-id=\"da2d014\" data-element_type=\"widget\" data-e-type=\"widget\" data-widget_type=\"icon-list.default\">\n\t\t\t\t\t\t\t<ul class=\"elementor-icon-list-items\">\n\t\t\t\t\t\t\t<li class=\"elementor-icon-list-item\">\n\t\t\t\t\t\t\t\t\t\t\t<span class=\"elementor-icon-list-icon\">\n\t\t\t\t\t\t\t<svg xmlns=\"http:\/\/www.w3.org\/2000\/svg\" width=\"24\" height=\"24\" viewBox=\"0 0 24 24\" fill=\"none\"><rect width=\"24\" height=\"24\" rx=\"4\" fill=\"#E0F8D2\"><\/rect><path d=\"M17.2698 6.95377C17.6273 7.21377 17.7073 7.71377 17.4473 8.07127L11.0473 16.8713C10.9098 17.0613 10.6973 17.1788 10.4623 17.1988C10.2273 17.2188 9.99977 17.1313 9.83477 16.9663L6.63477 13.7663C6.32227 13.4538 6.32227 12.9463 6.63477 12.6338C6.94727 12.3213 7.45477 12.3213 7.76727 12.6338L10.3048 15.1713L16.1548 7.12877C16.4148 6.77127 16.9148 6.69127 17.2723 6.95127L17.2698 6.95377Z\" fill=\"#538E2E\"><\/path><\/svg>\t\t\t\t\t\t<\/span>\n\t\t\t\t\t\t\t\t\t\t<span class=\"elementor-icon-list-text\">Auditoria d'infraestructura ciclista i serveis annexes.<\/span>\n\t\t\t\t\t\t\t\t\t<\/li>\n\t\t\t\t\t\t\t\t<li class=\"elementor-icon-list-item\">\n\t\t\t\t\t\t\t\t\t\t\t<span class=\"elementor-icon-list-icon\">\n\t\t\t\t\t\t\t<svg xmlns=\"http:\/\/www.w3.org\/2000\/svg\" width=\"24\" height=\"24\" viewBox=\"0 0 24 24\" fill=\"none\"><rect width=\"24\" height=\"24\" rx=\"4\" fill=\"#E0F8D2\"><\/rect><path d=\"M17.2698 6.95377C17.6273 7.21377 17.7073 7.71377 17.4473 8.07127L11.0473 16.8713C10.9098 17.0613 10.6973 17.1788 10.4623 17.1988C10.2273 17.2188 9.99977 17.1313 9.83477 16.9663L6.63477 13.7663C6.32227 13.4538 6.32227 12.9463 6.63477 12.6338C6.94727 12.3213 7.45477 12.3213 7.76727 12.6338L10.3048 15.1713L16.1548 7.12877C16.4148 6.77127 16.9148 6.69127 17.2723 6.95127L17.2698 6.95377Z\" fill=\"#538E2E\"><\/path><\/svg>\t\t\t\t\t\t<\/span>\n\t\t\t\t\t\t\t\t\t\t<span class=\"elementor-icon-list-text\">Estudi i disseny d\u00b4aparcaments segurs bici i VPM.<\/span>\n\t\t\t\t\t\t\t\t\t<\/li>\n\t\t\t\t\t\t\t\t<li class=\"elementor-icon-list-item\">\n\t\t\t\t\t\t\t\t\t\t\t<span class=\"elementor-icon-list-icon\">\n\t\t\t\t\t\t\t<svg xmlns=\"http:\/\/www.w3.org\/2000\/svg\" width=\"24\" height=\"24\" viewBox=\"0 0 24 24\" fill=\"none\"><rect width=\"24\" height=\"24\" rx=\"4\" fill=\"#E0F8D2\"><\/rect><path d=\"M17.2698 6.95377C17.6273 7.21377 17.7073 7.71377 17.4473 8.07127L11.0473 16.8713C10.9098 17.0613 10.6973 17.1788 10.4623 17.1988C10.2273 17.2188 9.99977 17.1313 9.83477 16.9663L6.63477 13.7663C6.32227 13.4538 6.32227 12.9463 6.63477 12.6338C6.94727 12.3213 7.45477 12.3213 7.76727 12.6338L10.3048 15.1713L16.1548 7.12877C16.4148 6.77127 16.9148 6.69127 17.2723 6.95127L17.2698 6.95377Z\" fill=\"#538E2E\"><\/path><\/svg>\t\t\t\t\t\t<\/span>\n\t\t\t\t\t\t\t\t\t\t<span class=\"elementor-icon-list-text\">An\u00e0lisi de rutes \u00f2ptimes i segures a centres de treball.<\/span>\n\t\t\t\t\t\t\t\t\t<\/li>\n\t\t\t\t\t\t<\/ul>\n\t\t\t\t\t\t<\/div>\n\t\t\t\t<\/div>\n\t\t\t\t\t<\/div>\n\t\t\t\t<\/div>\n\t\t<div class=\"elementor-element elementor-element-e842bc0 e-flex e-con-boxed e-con e-parent\" data-id=\"e842bc0\" data-element_type=\"container\" data-e-type=\"container\">\n\t\t\t\t\t<div class=\"e-con-inner\">\n\t\t<div class=\"elementor-element elementor-element-57a22f7 e-con-full e-flex e-con e-child\" data-id=\"57a22f7\" data-element_type=\"container\" data-e-type=\"container\" data-settings=\"{&quot;background_background&quot;:&quot;classic&quot;}\">\n\t\t<div class=\"elementor-element elementor-element-34b5811 e-con-full e-flex e-con e-child\" data-id=\"34b5811\" data-element_type=\"container\" data-e-type=\"container\">\n\t\t\t\t<div class=\"elementor-element elementor-element-91f03fe elementor-widget elementor-widget-heading\" data-id=\"91f03fe\" data-element_type=\"widget\" data-e-type=\"widget\" data-widget_type=\"heading.default\">\n\t\t\t\t\t<h2 class=\"elementor-heading-title elementor-size-default\">Fes el seg\u00fcent pas cap a una mobilitat m\u00e9s eficient i sostenible<\/h2>\t\t\t\t<\/div>\n\t\t\t\t<div class=\"elementor-element elementor-element-1efe1b7 elementor-widget elementor-widget-text-editor\" data-id=\"1efe1b7\" data-element_type=\"widget\" data-e-type=\"widget\" data-widget_type=\"text-editor.default\">\n\t\t\t\t\t\t\t\t\t<p>Si vols saber com millorar els despla\u00e7aments a la teva empresa, estem aqu\u00ed per acompanyar-te. Reserva una consultoria o sol\u00b7licita informaci\u00f3 i et guiarem en tot el proc\u00e9s.<\/p>\t\t\t\t\t\t\t\t<\/div>\n\t\t\t\t<\/div>\n\t\t<div class=\"elementor-element elementor-element-728473f e-con-full e-flex e-con e-child\" data-id=\"728473f\" data-element_type=\"container\" data-e-type=\"container\">\n\t\t\t\t<div class=\"elementor-element elementor-element-4d501c4 elementor-mobile-align-justify elementor-widget elementor-widget-button\" data-id=\"4d501c4\" data-element_type=\"widget\" data-e-type=\"widget\" data-widget_type=\"button.default\">\n\t\t\t\t\t\t\t\t\t\t<a class=\"elementor-button elementor-button-link elementor-size-sm\" href=\"https:\/\/www.blubic.com\/ca\/contacte\/\">\n\t\t\t\t\t\t<span class=\"elementor-button-content-wrapper\">\n\t\t\t\t\t\t\t\t\t<span class=\"elementor-button-text\">Contacta amb nosaltres<\/span>\n\t\t\t\t\t<\/span>\n\t\t\t\t\t<\/a>\n\t\t\t\t\t\t\t\t<\/div>\n\t\t\t\t<div class=\"elementor-element elementor-element-dd3af1c elementor-mobile-align-justify elementor-hidden-desktop elementor-hidden-tablet elementor-hidden-mobile elementor-widget elementor-widget-button\" data-id=\"dd3af1c\" data-element_type=\"widget\" data-e-type=\"widget\" data-widget_type=\"button.default\">\n\t\t\t\t\t\t\t\t\t\t<a class=\"elementor-button elementor-button-link elementor-size-sm\" href=\"#\">\n\t\t\t\t\t\t<span class=\"elementor-button-content-wrapper\">\n\t\t\t\t\t\t\t\t\t<span class=\"elementor-button-text\">M\u00e9s informaci\u00f3<\/span>\n\t\t\t\t\t<\/span>\n\t\t\t\t\t<\/a>\n\t\t\t\t\t\t\t\t<\/div>\n\t\t\t\t<\/div>\n\t\t\t\t<\/div>\n\t\t\t\t\t<\/div>\n\t\t\t\t<\/div>\n\t\t\t\t<\/div>\n\t\t","protected":false},"excerpt":{"rendered":"<p>Impuls a la mobilitat activa, saludable i sostenible Planifiquem, dissenyem i activem solucions reals per impulsar la mobilitat activa a escoles, ciutats i empreses. Contacta amb nosaltres Educaci\u00f3 i comunitat Mobilitat escolar segura i activa Dissenyem projectes de mobilitat escolar que fomenten h\u00e0bits saludables, redueixen el tr\u00e0nsit i milloren la seguretat a l&#8217;entorn educatiu. Bicibus [&hellip;]<\/p>\n","protected":false},"author":1,"featured_media":0,"parent":0,"menu_order":0,"comment_status":"closed","ping_status":"closed","template":"elementor_header_footer","meta":{"footnotes":""},"class_list":["post-1239","page","type-page","status-publish","hentry"],"yoast_head":"<!-- This site is optimized with the Yoast SEO plugin v28.3 - https:\/\/yoast.com\/product\/yoast-seo-wordpress\/ -->\n<title>Impuls a la mobilitat activa, saludable i sostenible - Blubic<\/title>\n<meta name=\"robots\" content=\"index, follow, max-snippet:-1, max-image-preview:large, max-video-preview:-1\" \/>\n<link rel=\"canonical\" href=\"https:\/\/www.blubic.com\/ca\/impuls-a-la-mobilitat-activa-saludable-i-sostenible\/\" \/>\n<meta property=\"og:locale\" content=\"ca_ES\" \/>\n<meta property=\"og:type\" content=\"article\" \/>\n<meta property=\"og:title\" content=\"Impuls a la mobilitat activa, saludable i sostenible - Blubic\" \/>\n<meta property=\"og:description\" content=\"Impuls a la mobilitat activa, saludable i sostenible Planifiquem, dissenyem i activem solucions reals per impulsar la mobilitat activa a escoles, ciutats i empreses. Contacta amb nosaltres Educaci\u00f3 i comunitat Mobilitat escolar segura i activa Dissenyem projectes de mobilitat escolar que fomenten h\u00e0bits saludables, redueixen el tr\u00e0nsit i milloren la seguretat a l&#8217;entorn educatiu. Bicibus [&hellip;]\" \/>\n<meta property=\"og:url\" content=\"https:\/\/www.blubic.com\/ca\/impuls-a-la-mobilitat-activa-saludable-i-sostenible\/\" \/>\n<meta property=\"og:site_name\" content=\"Blubic\" \/>\n<meta property=\"article:modified_time\" content=\"2026-03-30T14:37:59+00:00\" \/>\n<meta property=\"og:image\" content=\"https:\/\/www.blubic.com\/wp-content\/uploads\/2025\/12\/Bicibus.png\" \/>\n\t<meta property=\"og:image:width\" content=\"560\" \/>\n\t<meta property=\"og:image:height\" content=\"358\" \/>\n\t<meta property=\"og:image:type\" content=\"image\/png\" \/>\n<meta name=\"twitter:card\" content=\"summary_large_image\" \/>\n<meta name=\"twitter:label1\" content=\"Temps estimat de lectura\" \/>\n\t<meta name=\"twitter:data1\" content=\"1 minut\" \/>\n<script type=\"application\/ld+json\" class=\"yoast-schema-graph\">{\"@context\":\"https:\\\/\\\/schema.org\",\"@graph\":[{\"@type\":\"WebPage\",\"@id\":\"https:\\\/\\\/www.blubic.com\\\/ca\\\/impuls-a-la-mobilitat-activa-saludable-i-sostenible\\\/\",\"url\":\"https:\\\/\\\/www.blubic.com\\\/ca\\\/impuls-a-la-mobilitat-activa-saludable-i-sostenible\\\/\",\"name\":\"Impuls a la mobilitat activa, saludable i sostenible - Blubic\",\"isPartOf\":{\"@id\":\"https:\\\/\\\/www.blubic.com\\\/#website\"},\"primaryImageOfPage\":{\"@id\":\"https:\\\/\\\/www.blubic.com\\\/ca\\\/impuls-a-la-mobilitat-activa-saludable-i-sostenible\\\/#primaryimage\"},\"image\":{\"@id\":\"https:\\\/\\\/www.blubic.com\\\/ca\\\/impuls-a-la-mobilitat-activa-saludable-i-sostenible\\\/#primaryimage\"},\"thumbnailUrl\":\"https:\\\/\\\/www.blubic.com\\\/wp-content\\\/uploads\\\/2025\\\/12\\\/Bicibus.png\",\"datePublished\":\"2025-12-21T23:32:26+00:00\",\"dateModified\":\"2026-03-30T14:37:59+00:00\",\"breadcrumb\":{\"@id\":\"https:\\\/\\\/www.blubic.com\\\/ca\\\/impuls-a-la-mobilitat-activa-saludable-i-sostenible\\\/#breadcrumb\"},\"inLanguage\":\"ca\",\"potentialAction\":[{\"@type\":\"ReadAction\",\"target\":[\"https:\\\/\\\/www.blubic.com\\\/ca\\\/impuls-a-la-mobilitat-activa-saludable-i-sostenible\\\/\"]}]},{\"@type\":\"ImageObject\",\"inLanguage\":\"ca\",\"@id\":\"https:\\\/\\\/www.blubic.com\\\/ca\\\/impuls-a-la-mobilitat-activa-saludable-i-sostenible\\\/#primaryimage\",\"url\":\"https:\\\/\\\/www.blubic.com\\\/wp-content\\\/uploads\\\/2025\\\/12\\\/Bicibus.png\",\"contentUrl\":\"https:\\\/\\\/www.blubic.com\\\/wp-content\\\/uploads\\\/2025\\\/12\\\/Bicibus.png\"},{\"@type\":\"BreadcrumbList\",\"@id\":\"https:\\\/\\\/www.blubic.com\\\/ca\\\/impuls-a-la-mobilitat-activa-saludable-i-sostenible\\\/#breadcrumb\",\"itemListElement\":[{\"@type\":\"ListItem\",\"position\":1,\"name\":\"Portada\",\"item\":\"https:\\\/\\\/www.blubic.com\\\/ca\\\/inici\\\/\"},{\"@type\":\"ListItem\",\"position\":2,\"name\":\"Impuls a la mobilitat activa, saludable i sostenible\"}]},{\"@type\":\"WebSite\",\"@id\":\"https:\\\/\\\/www.blubic.com\\\/#website\",\"url\":\"https:\\\/\\\/www.blubic.com\\\/\",\"name\":\"Blubic\",\"description\":\"\",\"publisher\":{\"@id\":\"https:\\\/\\\/www.blubic.com\\\/#organization\"},\"potentialAction\":[{\"@type\":\"SearchAction\",\"target\":{\"@type\":\"EntryPoint\",\"urlTemplate\":\"https:\\\/\\\/www.blubic.com\\\/?s={search_term_string}\"},\"query-input\":{\"@type\":\"PropertyValueSpecification\",\"valueRequired\":true,\"valueName\":\"search_term_string\"}}],\"inLanguage\":\"ca\"},{\"@type\":\"Organization\",\"@id\":\"https:\\\/\\\/www.blubic.com\\\/#organization\",\"name\":\"Blubic\",\"url\":\"https:\\\/\\\/www.blubic.com\\\/\",\"logo\":{\"@type\":\"ImageObject\",\"inLanguage\":\"ca\",\"@id\":\"https:\\\/\\\/www.blubic.com\\\/#\\\/schema\\\/logo\\\/image\\\/\",\"url\":\"https:\\\/\\\/www.blubic.com\\\/wp-content\\\/uploads\\\/2025\\\/11\\\/bublic_logo_horizontal_cpd.png\",\"contentUrl\":\"https:\\\/\\\/www.blubic.com\\\/wp-content\\\/uploads\\\/2025\\\/11\\\/bublic_logo_horizontal_cpd.png\",\"width\":1562,\"height\":388,\"caption\":\"Blubic\"},\"image\":{\"@id\":\"https:\\\/\\\/www.blubic.com\\\/#\\\/schema\\\/logo\\\/image\\\/\"}}]}<\/script>\n<!-- \/ Yoast SEO plugin. -->","yoast_head_json":{"title":"Impuls a la mobilitat activa, saludable i sostenible - Blubic","robots":{"index":"index","follow":"follow","max-snippet":"max-snippet:-1","max-image-preview":"max-image-preview:large","max-video-preview":"max-video-preview:-1"},"canonical":"https:\/\/www.blubic.com\/ca\/impuls-a-la-mobilitat-activa-saludable-i-sostenible\/","og_locale":"ca_ES","og_type":"article","og_title":"Impuls a la mobilitat activa, saludable i sostenible - Blubic","og_description":"Impuls a la mobilitat activa, saludable i sostenible Planifiquem, dissenyem i activem solucions reals per impulsar la mobilitat activa a escoles, ciutats i empreses. Contacta amb nosaltres Educaci\u00f3 i comunitat Mobilitat escolar segura i activa Dissenyem projectes de mobilitat escolar que fomenten h\u00e0bits saludables, redueixen el tr\u00e0nsit i milloren la seguretat a l&#8217;entorn educatiu. Bicibus [&hellip;]","og_url":"https:\/\/www.blubic.com\/ca\/impuls-a-la-mobilitat-activa-saludable-i-sostenible\/","og_site_name":"Blubic","article_modified_time":"2026-03-30T14:37:59+00:00","og_image":[{"width":560,"height":358,"url":"https:\/\/www.blubic.com\/wp-content\/uploads\/2025\/12\/Bicibus.png","type":"image\/png"}],"twitter_card":"summary_large_image","twitter_misc":{"Temps estimat de lectura":"1 minut"},"schema":{"@context":"https:\/\/schema.org","@graph":[{"@type":"WebPage","@id":"https:\/\/www.blubic.com\/ca\/impuls-a-la-mobilitat-activa-saludable-i-sostenible\/","url":"https:\/\/www.blubic.com\/ca\/impuls-a-la-mobilitat-activa-saludable-i-sostenible\/","name":"Impuls a la mobilitat activa, saludable i sostenible - Blubic","isPartOf":{"@id":"https:\/\/www.blubic.com\/#website"},"primaryImageOfPage":{"@id":"https:\/\/www.blubic.com\/ca\/impuls-a-la-mobilitat-activa-saludable-i-sostenible\/#primaryimage"},"image":{"@id":"https:\/\/www.blubic.com\/ca\/impuls-a-la-mobilitat-activa-saludable-i-sostenible\/#primaryimage"},"thumbnailUrl":"https:\/\/www.blubic.com\/wp-content\/uploads\/2025\/12\/Bicibus.png","datePublished":"2025-12-21T23:32:26+00:00","dateModified":"2026-03-30T14:37:59+00:00","breadcrumb":{"@id":"https:\/\/www.blubic.com\/ca\/impuls-a-la-mobilitat-activa-saludable-i-sostenible\/#breadcrumb"},"inLanguage":"ca","potentialAction":[{"@type":"ReadAction","target":["https:\/\/www.blubic.com\/ca\/impuls-a-la-mobilitat-activa-saludable-i-sostenible\/"]}]},{"@type":"ImageObject","inLanguage":"ca","@id":"https:\/\/www.blubic.com\/ca\/impuls-a-la-mobilitat-activa-saludable-i-sostenible\/#primaryimage","url":"https:\/\/www.blubic.com\/wp-content\/uploads\/2025\/12\/Bicibus.png","contentUrl":"https:\/\/www.blubic.com\/wp-content\/uploads\/2025\/12\/Bicibus.png"},{"@type":"BreadcrumbList","@id":"https:\/\/www.blubic.com\/ca\/impuls-a-la-mobilitat-activa-saludable-i-sostenible\/#breadcrumb","itemListElement":[{"@type":"ListItem","position":1,"name":"Portada","item":"https:\/\/www.blubic.com\/ca\/inici\/"},{"@type":"ListItem","position":2,"name":"Impuls a la mobilitat activa, saludable i sostenible"}]},{"@type":"WebSite","@id":"https:\/\/www.blubic.com\/#website","url":"https:\/\/www.blubic.com\/","name":"Blubic","description":"","publisher":{"@id":"https:\/\/www.blubic.com\/#organization"},"potentialAction":[{"@type":"SearchAction","target":{"@type":"EntryPoint","urlTemplate":"https:\/\/www.blubic.com\/?s={search_term_string}"},"query-input":{"@type":"PropertyValueSpecification","valueRequired":true,"valueName":"search_term_string"}}],"inLanguage":"ca"},{"@type":"Organization","@id":"https:\/\/www.blubic.com\/#organization","name":"Blubic","url":"https:\/\/www.blubic.com\/","logo":{"@type":"ImageObject","inLanguage":"ca","@id":"https:\/\/www.blubic.com\/#\/schema\/logo\/image\/","url":"https:\/\/www.blubic.com\/wp-content\/uploads\/2025\/11\/bublic_logo_horizontal_cpd.png","contentUrl":"https:\/\/www.blubic.com\/wp-content\/uploads\/2025\/11\/bublic_logo_horizontal_cpd.png","width":1562,"height":388,"caption":"Blubic"},"image":{"@id":"https:\/\/www.blubic.com\/#\/schema\/logo\/image\/"}}]}},"_links":{"self":[{"href":"https:\/\/www.blubic.com\/ca\/wp-json\/wp\/v2\/pages\/1239","targetHints":{"allow":["GET"]}}],"collection":[{"href":"https:\/\/www.blubic.com\/ca\/wp-json\/wp\/v2\/pages"}],"about":[{"href":"https:\/\/www.blubic.com\/ca\/wp-json\/wp\/v2\/types\/page"}],"author":[{"embeddable":true,"href":"https:\/\/www.blubic.com\/ca\/wp-json\/wp\/v2\/users\/1"}],"replies":[{"embeddable":true,"href":"https:\/\/www.blubic.com\/ca\/wp-json\/wp\/v2\/comments?post=1239"}],"version-history":[{"count":0,"href":"https:\/\/www.blubic.com\/ca\/wp-json\/wp\/v2\/pages\/1239\/revisions"}],"wp:attachment":[{"href":"https:\/\/www.blubic.com\/ca\/wp-json\/wp\/v2\/media?parent=1239"}],"curies":[{"name":"wp","href":"https:\/\/api.w.org\/{rel}","templated":true}]}}