{"id":1282,"date":"2025-12-11T13:47:26","date_gmt":"2025-12-11T12:47:26","guid":{"rendered":"https:\/\/www.blubic.com\/avis-legal\/"},"modified":"2026-02-10T11:37:13","modified_gmt":"2026-02-10T10:37:13","slug":"avis-legal","status":"publish","type":"page","link":"https:\/\/www.blubic.com\/ca\/avis-legal\/","title":{"rendered":"Av\u00eds legal"},"content":{"rendered":"<p>Per tal de donar compliment a l&#8217;article 10 de la Llei 34\/2002 de Serveis de la Societat de la Informaci\u00f3 i Comer\u00e7 Electr\u00f2nic, informem l&#8217;usuari de les nostres dades:<\/p>\n<p><strong>Denominaci\u00f3 social<\/strong>: Eduardo Martinez Garcia<br \/><strong>DNI<\/strong>: 37747751J<br \/><strong>Domicili social: <\/strong>C\/Eslida, 5 08840 Viladecans<br \/><strong>Email<\/strong>: <a href=\"mailto:info@blubic.com\">info@blubic.com<\/a><\/p>\n<h3>Objecte<\/h3>\n<p>El prestador, responsable del lloc web, posa a disposici\u00f3 dels usuaris aquest document amb qu\u00e8 pret\u00e9n donar compliment a les obligacions disposades a la Llei 34\/2002, de Serveis de la Societat de la Informaci\u00f3 i del Comer\u00e7 Electr\u00f2nic (LSSI-CE), aix\u00ed com informar tots els usuaris del lloc web respecte a quines s\u00f3n les condicions d&#8217;\u00fas del lloc web.<\/p>\n<p>Tota persona que accedeixi a aquest lloc web assumeix el paper d&#8217;usuari, comprometent-se a l&#8217;observan\u00e7a i el compliment rigor\u00f3s de les disposicions aqu\u00ed disposades, aix\u00ed com a qualsevol altra disposici\u00f3 legal que sigui aplicable.<\/p>\n<p>El prestador s&#8217;eximeix de qualsevol tipus de responsabilitat derivada de la informaci\u00f3 publicada al vostre lloc web, sempre que aquesta informaci\u00f3 hagi estat manipulada o introdu\u00efda per un tercer ali\u00e8 al mateix.<\/p>\n<h3>Responsabilidad<\/h3>\n<p>El prestador s&#8217;eximeix de qualsevol tipus de responsabilitat derivada de la informaci\u00f3 publicada al vostre lloc web, sempre que aquesta informaci\u00f3 hagi estat manipulada o introdu\u00efda per un tercer ali\u00e8 al mateix.<\/p>\n<p>El lloc web del prestador pot utilitzar cookies (petits fitxers d&#8217;informaci\u00f3 que el servidor envia a l&#8217;ordinador de qui accedeix a la p\u00e0gina) per dur a terme determinades funcions que s\u00f3n considerades imprescindibles per al correcte funcionament i visualitzaci\u00f3 del lloc. Les cookies utilitzades al lloc web tenen, en tot cas, car\u00e0cter temporal amb l&#8217;\u00fanica finalitat de fer m\u00e9s efica\u00e7 la seva transmissi\u00f3 ulterior i desapareixen en finalitzar la sessi\u00f3 de l&#8217;usuari. En cap cas s&#8217;utilitzaran les galetes per demanar informaci\u00f3 de car\u00e0cter personal. Afegeix aqu\u00ed un enlla\u00e7 a la teva pol\u00edtica de galetes.   <\/p>\n<p>Des del lloc web del client \u00e9s possible que es redirigeixi a continguts de tercers llocs web. At\u00e8s que el prestador no pot controlar sempre els continguts introdu\u00efts pels tercers als seus llocs web, aquest no assumeix cap mena de responsabilitat respecte a aquests continguts. En tot cas, el prestador manifesta que procedir\u00e0 a la retirada immediata de qualsevol contingut que pogu\u00e9s contravenir la legislaci\u00f3 nacional o internacional, la moral o l&#8217;ordre p\u00fablic, procedint a la retirada immediata de la redirecci\u00f3 a aquest lloc web, posant en coneixement de les autoritats competents el contingut en q\u00fcesti\u00f3.  <\/p>\n<p>El prestador no es fa responsable de la informaci\u00f3 i continguts emmagatzemats, a t\u00edtol enunciatiu per\u00f2 no limitatiu, en f\u00f2rums, xats, generadors de blocs, comentaris, xarxes socials o qualsevol altre mitj\u00e0 que permeti a tercers publicar continguts de forma independent a la p\u00e0gina web del prestador. No obstant aix\u00f2 i en compliment del que disposa l&#8217;art. 11 i 16 de la LSSI-CE, el prestador es posa a disposici\u00f3 de tots els usuaris, autoritats i forces de seguretat, i col\u00b7laborant de manera activa en la retirada o si \u00e9s el cas bloqueig de tots aquells continguts que poguessin afectar o contravenir la legislaci\u00f3 nacional, o internacional, drets de tercers o la moral i l&#8217;ordre p\u00fablic. En cas que l&#8217;usuari consideri que hi ha al lloc web algun contingut que pogu\u00e9s ser susceptible d&#8217;aquesta classificaci\u00f3, es prega que ho notifiqui de manera immediata a l&#8217;administrador del lloc web.  <\/p>\n<p>Aquest lloc web ha estat revisat i provat perqu\u00e8 funcioni correctament. En principi, es pot garantir el funcionament correcte els 365 dies de l&#8217;any, 24 hores al dia. Tot i aix\u00f2, el prestador no descarta la possibilitat que hi hagi certs errors de programaci\u00f3, o que es converteixin en causes de for\u00e7a major, cat\u00e0strofes naturals, vagues, o circumst\u00e0ncies similars que facin impossible l&#8217;acc\u00e9s a la p\u00e0gina web.  <\/p>\n<h3>Propietat Intel\u00b7lectual i Industrial<\/h3>\n<p>El lloc web, incloent-hi a t\u00edtol enunciatiu per\u00f2 no limitatiu la seva programaci\u00f3, edici\u00f3, compilaci\u00f3 i altres elements necessaris per al seu funcionament, els dissenys, logotips, text i\/o gr\u00e0fics s\u00f3n propietat del prestador o si escau disposa de llic\u00e8ncia o autoritzaci\u00f3 expressa per part dels autors. Tots els continguts del lloc web es troben degudament protegits per la normativa de propietat intel\u00b7lectual i industrial, aix\u00ed com inscrits als registres p\u00fablics corresponents.<br \/>Independentment de la finalitat per a la qual siguin destinats, la reproducci\u00f3 total o parcial, \u00fas, explotaci\u00f3, distribuci\u00f3 i comercialitzaci\u00f3 requereix, en tot cas, l&#8217;autoritzaci\u00f3 escrita pr\u00e8via per part del prestador. Qualsevol \u00fas no autoritzat pr\u00e8viament per part del prestador ser\u00e0 considerat un incompliment greu dels drets de propietat intel\u00b7lectual o industrial de lautor.  <\/p>\n<p>Els dissenys, logotips, text i\/o gr\u00e0fics aliens al prestador i que poguessin apar\u00e8ixer al lloc web, pertanyen als seus respectius propietaris, sent ells mateixos responsables de qualsevol possible controv\u00e8rsia que pogu\u00e9s suscitar-se respecte a aquests. En tot cas, el prestador compta amb lautoritzaci\u00f3 expressa i pr\u00e8via per part dels mateixos. <\/p>\n<p>El prestador NO AUTORITZA expressament al fet que tercers puguin redirigir directament als continguts concrets del lloc web, havent de redirigir en tot cas al lloc web principal del prestador.<\/p>\n<p>El prestador reconeix a favor dels seus titulars els corresponents drets de propietat industrial i intel\u00b7lectual, i no implica la seva sola menci\u00f3 o aparici\u00f3 al lloc web l&#8217;exist\u00e8ncia de drets o responsabilitat del prestador sobre aquests, com tampoc suport, patrocini o recomanaci\u00f3 per part d&#8217;aquest.<\/p>\n<p>Per realitzar qualsevol tipus d&#8217;observaci\u00f3 respecte a possibles incompliments dels drets de propietat intel\u00b7lectual o industrial, aix\u00ed com sobre qualsevol dels continguts del lloc web, ho podeu fer a trav\u00e9s del correu electr\u00f2nic que figura a les dades identificatives al principi d&#8217;aquest document.<\/p>\n<h3>Veracitat de la Informaci\u00f3<\/h3>\n<p>Tota la informaci\u00f3 que facilita lusuari ha de ser vera\u00e7. A aquest efecte, lusuari garanteix lautenticitat de les dades comunicades a trav\u00e9s dels formularis per a la subscripci\u00f3 dels serveis. Ser\u00e0 responsabilitat de l&#8217;usuari mantenir tota la informaci\u00f3 facilitada a l&#8217;empresa permanentment actualitzada de manera que respongui, en tot moment, a la seva situaci\u00f3 real. En tot cas, l&#8217;Usuari ser\u00e0 l&#8217;\u00fanic responsable de les manifestacions falses o inexactes que faci i dels perjudicis que causi el prestador o tercers.   <\/p>\n<h3>Menors d&#8217;Edat<\/h3>\n<p>Per a l\u00fas dels serveis, els menors dedat han dobtenir sempre pr\u00e8viament el consentiment dels pares, tutors o representants legals, responsables \u00faltims de tots els actes realitzats pels menors al seu c\u00e0rrec. La responsabilitat en la determinaci\u00f3 de continguts concrets als quals accedeixen els menors correspon a aquells, \u00e9s per aix\u00f2 que si accedeixen a continguts no apropiats per Internet, s&#8217;hauran d&#8217;establir als seus ordinadors mecanismes, en particular programes inform\u00e0tics, filtres i bloquejos, que permetin limitar els continguts disponibles i, encara que no siguin infal\u00b7libles, s\u00f3n d&#8217;especial utilitat per controlar i. <\/p>\n<h3>Obligaci\u00f3 de fer un \u00fas correcte de la web<\/h3>\n<p>L&#8217;Usuari es compromet a utilitzar la Web de conformitat a la Llei i al present Av\u00eds Legal, aix\u00ed com a la moral i als bons costums. A aquest efecte, l&#8217;Usuari s&#8217;abstindr\u00e0 d&#8217;utilitzar la p\u00e0gina amb finalitats il\u00b7l\u00edcites o prohibides, lesives de drets i interessos de tercers, o que de qualsevol manera puguin danyar, inutilitzar, sobrecarregar, deteriorar o impedir la utilitzaci\u00f3 normal d&#8217;equips inform\u00e0tics o documents, arxius i tota mena de continguts emmagatzemats a qualsevol equip. <\/p>\n<p>En particular, i a t\u00edtol indicatiu per\u00f2 no exhaustiu, l&#8217;Usuari es compromet a no transmetre, difondre o posar a disposici\u00f3 de tercers informacions, dades, continguts, missatges, gr\u00e0fics, dibuixos, arxius de so o imatge, fotografies, enregistraments, programari i, en general, qualsevol tipus de material que:<\/p>\n<p>(a) sigui contr\u00e0ria, menysprea o atempti contra els drets fonamentals i les llibertats p\u00fabliques reconegudes constitucionalment, en tractats internacionals i altres normes vigents;<\/p>\n<p>(b) indueixi, inciti o promogui actuacions delictives, denigrants, difamat\u00f2ries, violentes o, en general, contr\u00e0ries a la llei, a la moral ia l&#8217;ordre p\u00fablic;<\/p>\n<p>(c) indueixi, inciti o promogui actuacions, actituds o pensaments discriminatoris per ra\u00f3 de sexe, ra\u00e7a, religi\u00f3, creences, edat o condici\u00f3;<\/p>\n<p>(d) sigui contrari al dret a l&#8217;honor, a la intimitat personal o familiar oa la pr\u00f2pia imatge de les persones;<\/p>\n<p>(e) de qualsevol manera perjudiqui la credibilitat del prestador o de tercers; i<\/p>\n<p>(f) constitueixi publicitat il\u00b7l\u00edcita, enganyosa o deslleial.<\/p>\n<h3>Llei Aplicable i Jurisdicci\u00f3<\/h3>\n<p>Per a la resoluci\u00f3 de totes les controv\u00e8rsies o q\u00fcestions relacionades amb aquest lloc web o de les activitats que es desenvolupin, ser\u00e0 aplicable la legislaci\u00f3 espanyola, a la qual se sotmeten expressament les parts, sent competents per a la resoluci\u00f3 de tots els conflictes derivats o relacionats amb el seu \u00fas als Jutjats i Tribunals d&#8217;introduir aqu\u00ed la teva comunitat aut\u00f2noma.<\/p>\n","protected":false},"excerpt":{"rendered":"<p>Per tal de donar compliment a l&#8217;article 10 de la Llei 34\/2002 de Serveis de la Societat de la Informaci\u00f3 i Comer\u00e7 Electr\u00f2nic, informem l&#8217;usuari de les nostres dades: Denominaci\u00f3 social: Eduardo Martinez GarciaDNI: 37747751JDomicili social: C\/Eslida, 5 08840 ViladecansEmail: info@blubic.com Objecte El prestador, responsable del lloc web, posa a disposici\u00f3 dels usuaris aquest document [&hellip;]<\/p>\n","protected":false},"author":1,"featured_media":0,"parent":0,"menu_order":0,"comment_status":"closed","ping_status":"closed","template":"","meta":{"footnotes":""},"class_list":["post-1282","page","type-page","status-publish","hentry"],"yoast_head":"<!-- This site is optimized with the Yoast SEO plugin v27.4 - https:\/\/yoast.com\/product\/yoast-seo-wordpress\/ -->\n<title>Av\u00eds legal - Blubic<\/title>\n<meta name=\"robots\" content=\"index, follow, max-snippet:-1, max-image-preview:large, max-video-preview:-1\" \/>\n<link rel=\"canonical\" href=\"https:\/\/www.blubic.com\/ca\/avis-legal\/\" \/>\n<meta property=\"og:locale\" content=\"ca_ES\" \/>\n<meta property=\"og:type\" content=\"article\" \/>\n<meta property=\"og:title\" content=\"Av\u00eds legal - Blubic\" \/>\n<meta property=\"og:description\" content=\"Per tal de donar compliment a l&#8217;article 10 de la Llei 34\/2002 de Serveis de la Societat de la Informaci\u00f3 i Comer\u00e7 Electr\u00f2nic, informem l&#8217;usuari de les nostres dades: Denominaci\u00f3 social: Eduardo Martinez GarciaDNI: 37747751JDomicili social: C\/Eslida, 5 08840 ViladecansEmail: info@blubic.com Objecte El prestador, responsable del lloc web, posa a disposici\u00f3 dels usuaris aquest document [&hellip;]\" \/>\n<meta property=\"og:url\" content=\"https:\/\/www.blubic.com\/ca\/avis-legal\/\" \/>\n<meta property=\"og:site_name\" content=\"Blubic\" \/>\n<meta property=\"article:modified_time\" content=\"2026-02-10T10:37:13+00:00\" \/>\n<meta name=\"twitter:card\" content=\"summary_large_image\" \/>\n<meta name=\"twitter:label1\" content=\"Temps estimat de lectura\" \/>\n\t<meta name=\"twitter:data1\" content=\"7 minuts\" \/>\n<script type=\"application\/ld+json\" class=\"yoast-schema-graph\">{\"@context\":\"https:\\\/\\\/schema.org\",\"@graph\":[{\"@type\":\"WebPage\",\"@id\":\"https:\\\/\\\/www.blubic.com\\\/ca\\\/avis-legal\\\/\",\"url\":\"https:\\\/\\\/www.blubic.com\\\/ca\\\/avis-legal\\\/\",\"name\":\"Av\u00eds legal - Blubic\",\"isPartOf\":{\"@id\":\"https:\\\/\\\/www.blubic.com\\\/#website\"},\"datePublished\":\"2025-12-11T12:47:26+00:00\",\"dateModified\":\"2026-02-10T10:37:13+00:00\",\"breadcrumb\":{\"@id\":\"https:\\\/\\\/www.blubic.com\\\/ca\\\/avis-legal\\\/#breadcrumb\"},\"inLanguage\":\"ca\",\"potentialAction\":[{\"@type\":\"ReadAction\",\"target\":[\"https:\\\/\\\/www.blubic.com\\\/ca\\\/avis-legal\\\/\"]}]},{\"@type\":\"BreadcrumbList\",\"@id\":\"https:\\\/\\\/www.blubic.com\\\/ca\\\/avis-legal\\\/#breadcrumb\",\"itemListElement\":[{\"@type\":\"ListItem\",\"position\":1,\"name\":\"Portada\",\"item\":\"https:\\\/\\\/www.blubic.com\\\/inici\\\/\"},{\"@type\":\"ListItem\",\"position\":2,\"name\":\"Av\u00eds legal\"}]},{\"@type\":\"WebSite\",\"@id\":\"https:\\\/\\\/www.blubic.com\\\/#website\",\"url\":\"https:\\\/\\\/www.blubic.com\\\/\",\"name\":\"Blubic\",\"description\":\"\",\"publisher\":{\"@id\":\"https:\\\/\\\/www.blubic.com\\\/#organization\"},\"potentialAction\":[{\"@type\":\"SearchAction\",\"target\":{\"@type\":\"EntryPoint\",\"urlTemplate\":\"https:\\\/\\\/www.blubic.com\\\/?s={search_term_string}\"},\"query-input\":{\"@type\":\"PropertyValueSpecification\",\"valueRequired\":true,\"valueName\":\"search_term_string\"}}],\"inLanguage\":\"ca\"},{\"@type\":\"Organization\",\"@id\":\"https:\\\/\\\/www.blubic.com\\\/#organization\",\"name\":\"Blubic\",\"url\":\"https:\\\/\\\/www.blubic.com\\\/\",\"logo\":{\"@type\":\"ImageObject\",\"inLanguage\":\"ca\",\"@id\":\"https:\\\/\\\/www.blubic.com\\\/#\\\/schema\\\/logo\\\/image\\\/\",\"url\":\"https:\\\/\\\/www.blubic.com\\\/wp-content\\\/uploads\\\/2025\\\/11\\\/bublic_logo_horizontal_cpd.png\",\"contentUrl\":\"https:\\\/\\\/www.blubic.com\\\/wp-content\\\/uploads\\\/2025\\\/11\\\/bublic_logo_horizontal_cpd.png\",\"width\":1562,\"height\":388,\"caption\":\"Blubic\"},\"image\":{\"@id\":\"https:\\\/\\\/www.blubic.com\\\/#\\\/schema\\\/logo\\\/image\\\/\"}}]}<\/script>\n<!-- \/ Yoast SEO plugin. -->","yoast_head_json":{"title":"Av\u00eds legal - Blubic","robots":{"index":"index","follow":"follow","max-snippet":"max-snippet:-1","max-image-preview":"max-image-preview:large","max-video-preview":"max-video-preview:-1"},"canonical":"https:\/\/www.blubic.com\/ca\/avis-legal\/","og_locale":"ca_ES","og_type":"article","og_title":"Av\u00eds legal - Blubic","og_description":"Per tal de donar compliment a l&#8217;article 10 de la Llei 34\/2002 de Serveis de la Societat de la Informaci\u00f3 i Comer\u00e7 Electr\u00f2nic, informem l&#8217;usuari de les nostres dades: Denominaci\u00f3 social: Eduardo Martinez GarciaDNI: 37747751JDomicili social: C\/Eslida, 5 08840 ViladecansEmail: info@blubic.com Objecte El prestador, responsable del lloc web, posa a disposici\u00f3 dels usuaris aquest document [&hellip;]","og_url":"https:\/\/www.blubic.com\/ca\/avis-legal\/","og_site_name":"Blubic","article_modified_time":"2026-02-10T10:37:13+00:00","twitter_card":"summary_large_image","twitter_misc":{"Temps estimat de lectura":"7 minuts"},"schema":{"@context":"https:\/\/schema.org","@graph":[{"@type":"WebPage","@id":"https:\/\/www.blubic.com\/ca\/avis-legal\/","url":"https:\/\/www.blubic.com\/ca\/avis-legal\/","name":"Av\u00eds legal - Blubic","isPartOf":{"@id":"https:\/\/www.blubic.com\/#website"},"datePublished":"2025-12-11T12:47:26+00:00","dateModified":"2026-02-10T10:37:13+00:00","breadcrumb":{"@id":"https:\/\/www.blubic.com\/ca\/avis-legal\/#breadcrumb"},"inLanguage":"ca","potentialAction":[{"@type":"ReadAction","target":["https:\/\/www.blubic.com\/ca\/avis-legal\/"]}]},{"@type":"BreadcrumbList","@id":"https:\/\/www.blubic.com\/ca\/avis-legal\/#breadcrumb","itemListElement":[{"@type":"ListItem","position":1,"name":"Portada","item":"https:\/\/www.blubic.com\/inici\/"},{"@type":"ListItem","position":2,"name":"Av\u00eds legal"}]},{"@type":"WebSite","@id":"https:\/\/www.blubic.com\/#website","url":"https:\/\/www.blubic.com\/","name":"Blubic","description":"","publisher":{"@id":"https:\/\/www.blubic.com\/#organization"},"potentialAction":[{"@type":"SearchAction","target":{"@type":"EntryPoint","urlTemplate":"https:\/\/www.blubic.com\/?s={search_term_string}"},"query-input":{"@type":"PropertyValueSpecification","valueRequired":true,"valueName":"search_term_string"}}],"inLanguage":"ca"},{"@type":"Organization","@id":"https:\/\/www.blubic.com\/#organization","name":"Blubic","url":"https:\/\/www.blubic.com\/","logo":{"@type":"ImageObject","inLanguage":"ca","@id":"https:\/\/www.blubic.com\/#\/schema\/logo\/image\/","url":"https:\/\/www.blubic.com\/wp-content\/uploads\/2025\/11\/bublic_logo_horizontal_cpd.png","contentUrl":"https:\/\/www.blubic.com\/wp-content\/uploads\/2025\/11\/bublic_logo_horizontal_cpd.png","width":1562,"height":388,"caption":"Blubic"},"image":{"@id":"https:\/\/www.blubic.com\/#\/schema\/logo\/image\/"}}]}},"_links":{"self":[{"href":"https:\/\/www.blubic.com\/ca\/wp-json\/wp\/v2\/pages\/1282","targetHints":{"allow":["GET"]}}],"collection":[{"href":"https:\/\/www.blubic.com\/ca\/wp-json\/wp\/v2\/pages"}],"about":[{"href":"https:\/\/www.blubic.com\/ca\/wp-json\/wp\/v2\/types\/page"}],"author":[{"embeddable":true,"href":"https:\/\/www.blubic.com\/ca\/wp-json\/wp\/v2\/users\/1"}],"replies":[{"embeddable":true,"href":"https:\/\/www.blubic.com\/ca\/wp-json\/wp\/v2\/comments?post=1282"}],"version-history":[{"count":0,"href":"https:\/\/www.blubic.com\/ca\/wp-json\/wp\/v2\/pages\/1282\/revisions"}],"wp:attachment":[{"href":"https:\/\/www.blubic.com\/ca\/wp-json\/wp\/v2\/media?parent=1282"}],"curies":[{"name":"wp","href":"https:\/\/api.w.org\/{rel}","templated":true}]}}