{"id":1291,"date":"2025-12-11T13:47:39","date_gmt":"2025-12-11T13:47:39","guid":{"rendered":"https:\/\/www.blubic.com\/politica-de-privacitat\/"},"modified":"2026-01-16T08:39:50","modified_gmt":"2026-01-16T08:39:50","slug":"politica-de-privacitat","status":"publish","type":"page","link":"https:\/\/www.blubic.com\/ca\/politica-de-privacitat\/","title":{"rendered":"Pol\u00edtica de Privacitat"},"content":{"rendered":"\t\t<div data-elementor-type=\"wp-page\" data-elementor-id=\"1291\" class=\"elementor elementor-1291 elementor-67\" data-elementor-post-type=\"page\">\n\t\t\t\t<div class=\"elementor-element elementor-element-c4b3d52 e-grid e-con-boxed e-con e-parent\" data-id=\"c4b3d52\" data-element_type=\"container\" data-e-type=\"container\">\n\t\t\t\t\t<div class=\"e-con-inner\">\n\t\t<div class=\"elementor-element elementor-element-3b9d108 e-con-full e-flex e-con e-child\" data-id=\"3b9d108\" data-element_type=\"container\" data-e-type=\"container\">\n\t\t<div class=\"elementor-element elementor-element-7c022f0 e-con-full e-flex e-con e-child\" data-id=\"7c022f0\" data-element_type=\"container\" data-e-type=\"container\">\n\t\t<div class=\"elementor-element elementor-element-d40b4d2 e-con-full e-flex e-con e-child\" data-id=\"d40b4d2\" data-element_type=\"container\" data-e-type=\"container\">\n\t\t\t\t<div class=\"elementor-element elementor-element-de467a8 elementor-widget elementor-widget-heading\" data-id=\"de467a8\" data-element_type=\"widget\" data-e-type=\"widget\" data-widget_type=\"heading.default\">\n\t\t\t\t\t<h1 class=\"elementor-heading-title elementor-size-default\">Pol\u00edtica de Privacitat<\/h1>\t\t\t\t<\/div>\n\t\t\t\t<\/div>\n\t\t\t\t<div class=\"elementor-element elementor-element-55b7bb8 elementor-widget elementor-widget-text-editor\" data-id=\"55b7bb8\" data-element_type=\"widget\" data-e-type=\"widget\" data-widget_type=\"text-editor.default\">\n\t\t\t\t\t\t\t\t\t<h3><strong> Dades del responsable del tractament<\/strong><\/h3><p><strong>Denominaci\u00f3 social<\/strong>: Eduardo Martinez Garcia<br><strong>DNI<\/strong>: 37747751J<br><strong>Domicili social: <\/strong>C\/Eslida, 5 08840 Viladecans<br><strong>Email<\/strong>: <a href=\"mailto:info@blubic.com\">info@blubic.com<\/a><\/p><h4><strong>Normativa aplicable<\/strong><\/h4><p>La nostra Pol\u00edtica de Privadesa s&#8217;ha dissenyat d&#8217;acord amb el Reglament General de Protecci\u00f3 de Dades de la UE 2016\/679 del Parlament Europeu i del Consell, de 27 d&#8217;abril de 2016, relatiu a la protecci\u00f3 de les persones f\u00edsiques pel que fa al tractament de dades personals ia la lliure circulaci\u00f3 d&#8217;aquestes dades i pel que es deroga de 3\/ Car\u00e0cter Personal i Garantia de Drets Digitals.<\/p><p>En facilitar-nos les vostres dades, declara haver llegit i con\u00e8ixer la present Pol\u00edtica de Privadesa, prestant el vostre consentiment inequ\u00edvoc i expr\u00e9s al tractament de les vostres dades personals d&#8217;acord amb els fins i els termes aqu\u00ed expressats.<\/p><p>L&#8217;Empresa podr\u00e0 modificar aquesta Pol\u00edtica de Privadesa per adaptar-la a les novetats legislatives, jurisprudencials o d&#8217;interpretaci\u00f3 de l&#8217;Ag\u00e8ncia Espanyola de Protecci\u00f3 de Dades.<\/p><p>Aquestes condicions de privadesa poden ser complementades per l&#8217;Av\u00eds Legal, Pol\u00edtica de Cookies i les Condicions Generals que, si escau, es recullin per a determinats productes o serveis, si aquest acc\u00e9s suposa alguna especialitat en mat\u00e8ria de protecci\u00f3 de dades de car\u00e0cter personal.<\/p><h3><strong> Finalitat del tractament de les dades personals<\/strong><\/h3><p>El tractament que realitzem de les vostres dades personals respon a les seg\u00fcents finalitats:<br>Llista tots els prop\u00f2sits per als quals es recullen dades. Per exemple: gesti\u00f3 de la comunicaci\u00f3, enviament de newsletter, etc. <\/p><h4><strong>Termini de Conservaci\u00f3 de les vostres dades<\/strong><\/h4><p>Conservarem les vostres dades personals des que ens doneu el vostre consentiment fins que ho revoqui o sol\u00b7licite la limitaci\u00f3 del tractament. En aquests casos, mantindrem les vostres dades de forma bloquejada durant els terminis legalment exigits. <\/p><h3><strong> Legitimaci\u00f3 i dades recaptades<\/strong><\/h3><p>La legitimaci\u00f3 per al tractament de les vostres dades \u00e9s el consentiment expr\u00e9s atorgat mitjan\u00e7ant un acte positiu i afirmatiu (emplenar el formulari corresponent i marcar la casella d&#8217;acceptaci\u00f3 d&#8217;aquesta pol\u00edtica) en el moment de facilitar-nos les vostres dades personals.<\/p><h4><strong>Consentiment per tractar les vostres dades<\/strong><\/h4><p>En emplenar els formularis, marcar la casella \u201cAccepto la Pol\u00edtica de Privadesa\u201d i fer clic per enviar les dades, o en remetre correus electr\u00f2nics a l&#8217;Empresa a trav\u00e9s dels comptes habilitats a aquest efecte, l&#8217;Usuari manifesta haver llegit i acceptat expressament aquesta pol\u00edtica de privadesa, atorgant el seu consentiment inequ\u00edvoc.<\/p><h3><strong> Mesures de seguretat<\/strong><\/h3><p>Dins del nostre comprom\u00eds per garantir la seguretat i confidencialitat de les vostres dades de car\u00e0cter personal, us informem que s&#8217;han adoptat les mesures d&#8217;\u00edndole t\u00e8cnica i organitzatives necess\u00e0ries per garantir la seguretat de les dades de car\u00e0cter personal i evitar la seva alteraci\u00f3, p\u00e8rdua, tractament o acc\u00e9s no autoritzat, tenint en compte l&#8217;estat de la tecnologia, la naturalesa de les dades emmagatzemades i els riscos emmagatzemats. 32 del RGPD EU 679\/2016. <\/p><h3><strong> Cessi\u00f3 de dades<\/strong><\/h3><p>No es preveuen cessions de dades ni transfer\u00e8ncies internacionals de les vostres dades, a excepci\u00f3 de les autoritzades per la legislaci\u00f3 fiscal, mercantil i de telecomunicacions, aix\u00ed com en aquells casos en qu\u00e8 una autoritat judicial ens ho requereixi.<\/p><h3><strong> Drets de l&#8217;usuari<\/strong><\/h3><p>Qualsevol interessat t\u00e9 dret a obtenir confirmaci\u00f3 sobre si estem tractant dades personals que us concerneixen, o no. Les persones interessades tenen dret a accedir a les seves dades personals, aix\u00ed com a sol\u00b7licitar la rectificaci\u00f3 de les dades inexactes o, si escau, sol\u00b7licitar-ne la supressi\u00f3 quan, entre altres motius, les dades ja no siguin necess\u00e0ries per als fins recollits. <\/p><p>En determinades circumst\u00e0ncies, els interessats podran sol\u00b7licitar la limitaci\u00f3 del tractament de les seves dades, cas en qu\u00e8 \u00fanicament les conservarem per a l&#8217;exercici o defensa de reclamacions. Per motius relacionats amb la seva situaci\u00f3 particular, els interessats podran oposar-se al tractament de les seves dades. <\/p><p>El Responsable de l&#8217;arxiu deixar\u00e0 de tractar les dades, tret de motius leg\u00edtims imperiosos, o l&#8217;exercici o la defensa de possibles reclamacions. D&#8217;acord amb la legislaci\u00f3 vigent t\u00e9 els drets seg\u00fcents: <\/p><ul><li>Dret a sol\u00b7licitar l&#8217;acc\u00e9s a les vostres dades personals.<\/li><li>Dret a sol\u00b7licitar-ne la rectificaci\u00f3 o supressi\u00f3.<\/li><li>Dret a sol\u00b7licitar la limitaci\u00f3 del tractament.<\/li><li>Dret a oposar-se al tractament.<\/li><li>Dret a la portabilitat de les dades i, aix\u00ed mateix, a revocar el consentiment atorgat.<\/li><\/ul><p>Aix\u00ed mateix, tindr\u00e0 dret a presentar una reclamaci\u00f3 davant de l&#8217;Ag\u00e8ncia Espanyola de Protecci\u00f3 de Dades.<\/p><h4><strong>Com exercitar els meus drets?<\/strong><\/h4><p>Per exercir els vostres drets, heu d&#8217;adre\u00e7ar-vos al responsable, sol\u00b7licitant el corresponent formulari per a l&#8217;exercici del dret escollit. Opcionalment, podeu acudir a l&#8217;Autoritat de Control competent per obtenir informaci\u00f3 addicional sobre els seus drets. <\/p><p>Les dades de contacte per a l&#8217;exercici dels vostres drets s\u00f3n el tel\u00e8fon i el correu electr\u00f2nic de l&#8217;empresa. Recordeu acompanyar una c\u00f2pia d&#8217;un document que ens permeti identificar-vos. <\/p><h3><strong> Consentiment per a enviament de comunicacions electr\u00f2niques<\/strong><\/h3><p>Aix\u00ed mateix, i d&#8217;acord amb all\u00f2 establert a la Llei 34\/2002, d&#8217;11 de juliol, de Serveis de la Societat de la Informaci\u00f3 i del Comer\u00e7 Electr\u00f2nic, completant el formulari de recollida de dades i marcant <\/p>\t\t\t\t\t\t\t\t<\/div>\n\t\t\t\t<\/div>\n\t\t\t\t<\/div>\n\t\t<div class=\"elementor-element elementor-element-4dc3fb8 e-con-full e-flex e-con e-child\" data-id=\"4dc3fb8\" data-element_type=\"container\" data-e-type=\"container\" data-settings=\"{&quot;sticky&quot;:&quot;top&quot;,&quot;sticky_offset&quot;:164,&quot;sticky_parent&quot;:&quot;yes&quot;,&quot;sticky_on&quot;:[&quot;desktop&quot;],&quot;sticky_effects_offset&quot;:0,&quot;sticky_anchor_link_offset&quot;:0}\">\n\t\t\t\t<div class=\"elementor-element elementor-element-b152515 elementor-nav-menu--dropdown-none elementor-widget elementor-widget-nav-menu\" data-id=\"b152515\" data-element_type=\"widget\" data-e-type=\"widget\" data-settings=\"{&quot;layout&quot;:&quot;vertical&quot;,&quot;submenu_icon&quot;:{&quot;value&quot;:&quot;&lt;svg aria-hidden=\\&quot;true\\&quot; class=\\&quot;e-font-icon-svg e-fas-caret-down\\&quot; viewBox=\\&quot;0 0 320 512\\&quot; xmlns=\\&quot;http:\\\/\\\/www.w3.org\\\/2000\\\/svg\\&quot;&gt;&lt;path d=\\&quot;M31.3 192h257.3c17.8 0 26.7 21.5 14.1 34.1L174.1 354.8c-7.8 7.8-20.5 7.8-28.3 0L17.2 226.1C4.6 213.5 13.5 192 31.3 192z\\&quot;&gt;&lt;\\\/path&gt;&lt;\\\/svg&gt;&quot;,&quot;library&quot;:&quot;fa-solid&quot;}}\" data-widget_type=\"nav-menu.default\">\n\t\t\t\t\t\t\t\t<nav aria-label=\"Men\u00fa\" class=\"elementor-nav-menu--main elementor-nav-menu__container elementor-nav-menu--layout-vertical e--pointer-none\">\n\t\t\t\t<ul id=\"menu-1-b152515\" class=\"elementor-nav-menu sm-vertical\"><li class=\"menu-item menu-item-type-post_type menu-item-object-page menu-item-1296\"><a href=\"https:\/\/www.blubic.com\/ca\/avis-legal\/\" class=\"elementor-item\">Av\u00eds legal<\/a><\/li>\n<li class=\"menu-item menu-item-type-post_type menu-item-object-page menu-item-1297\"><a href=\"https:\/\/www.blubic.com\/ca\/politica-de-privacitat\/\" class=\"elementor-item\">Pol\u00edtica de Privacitat<\/a><\/li>\n<li class=\"menu-item menu-item-type-post_type menu-item-object-page menu-item-1295\"><a href=\"https:\/\/www.blubic.com\/ca\/politica-de-cookies\/\" class=\"elementor-item\">Pol\u00edtica de Cookies<\/a><\/li>\n<\/ul>\t\t\t<\/nav>\n\t\t\t\t\t\t<nav class=\"elementor-nav-menu--dropdown elementor-nav-menu__container\" aria-hidden=\"true\">\n\t\t\t\t<ul id=\"menu-2-b152515\" class=\"elementor-nav-menu sm-vertical\"><li class=\"menu-item menu-item-type-post_type menu-item-object-page menu-item-1296\"><a href=\"https:\/\/www.blubic.com\/ca\/avis-legal\/\" class=\"elementor-item\" tabindex=\"-1\">Av\u00eds legal<\/a><\/li>\n<li class=\"menu-item menu-item-type-post_type menu-item-object-page menu-item-1297\"><a href=\"https:\/\/www.blubic.com\/ca\/politica-de-privacitat\/\" class=\"elementor-item\" tabindex=\"-1\">Pol\u00edtica de Privacitat<\/a><\/li>\n<li class=\"menu-item menu-item-type-post_type menu-item-object-page menu-item-1295\"><a href=\"https:\/\/www.blubic.com\/ca\/politica-de-cookies\/\" class=\"elementor-item\" tabindex=\"-1\">Pol\u00edtica de Cookies<\/a><\/li>\n<\/ul>\t\t\t<\/nav>\n\t\t\t\t\t\t<\/div>\n\t\t\t\t<\/div>\n\t\t\t\t\t<\/div>\n\t\t\t\t<\/div>\n\t\t\t\t<\/div>\n\t\t","protected":false},"excerpt":{"rendered":"<p>Dades del responsable del tractament Denominaci\u00f3 social: Eduardo Martinez GarciaDNI: 37747751JDomicili social: C\/Eslida, 5 08840 ViladecansEmail: info@blubic.com Normativa aplicable La nostra Pol\u00edtica de Privadesa s&#8217;ha dissenyat d&#8217;acord amb el Reglament General de Protecci\u00f3 de Dades de la UE 2016\/679 del Parlament Europeu i del Consell, de 27 d&#8217;abril de 2016, relatiu a la protecci\u00f3 de [&hellip;]<\/p>\n","protected":false},"author":1,"featured_media":0,"parent":0,"menu_order":0,"comment_status":"closed","ping_status":"closed","template":"","meta":{"footnotes":""},"class_list":["post-1291","page","type-page","status-publish","hentry"],"yoast_head":"<!-- This site is optimized with the Yoast SEO plugin v27.4 - https:\/\/yoast.com\/product\/yoast-seo-wordpress\/ -->\n<title>Pol\u00edtica de Privacitat - Blubic<\/title>\n<meta name=\"robots\" content=\"index, follow, max-snippet:-1, max-image-preview:large, max-video-preview:-1\" \/>\n<link rel=\"canonical\" href=\"https:\/\/www.blubic.com\/ca\/politica-de-privacitat\/\" \/>\n<meta property=\"og:locale\" content=\"ca_ES\" \/>\n<meta property=\"og:type\" content=\"article\" \/>\n<meta property=\"og:title\" content=\"Pol\u00edtica de Privacitat - Blubic\" \/>\n<meta property=\"og:description\" content=\"Dades del responsable del tractament Denominaci\u00f3 social: Eduardo Martinez GarciaDNI: 37747751JDomicili social: C\/Eslida, 5 08840 ViladecansEmail: info@blubic.com Normativa aplicable La nostra Pol\u00edtica de Privadesa s&#8217;ha dissenyat d&#8217;acord amb el Reglament General de Protecci\u00f3 de Dades de la UE 2016\/679 del Parlament Europeu i del Consell, de 27 d&#8217;abril de 2016, relatiu a la protecci\u00f3 de [&hellip;]\" \/>\n<meta property=\"og:url\" content=\"https:\/\/www.blubic.com\/ca\/politica-de-privacitat\/\" \/>\n<meta property=\"og:site_name\" content=\"Blubic\" \/>\n<meta property=\"article:modified_time\" content=\"2026-01-16T08:39:50+00:00\" \/>\n<meta name=\"twitter:card\" content=\"summary_large_image\" \/>\n<meta name=\"twitter:label1\" content=\"Temps estimat de lectura\" \/>\n\t<meta name=\"twitter:data1\" content=\"4 minuts\" \/>\n<script type=\"application\/ld+json\" class=\"yoast-schema-graph\">{\"@context\":\"https:\\\/\\\/schema.org\",\"@graph\":[{\"@type\":\"WebPage\",\"@id\":\"https:\\\/\\\/www.blubic.com\\\/ca\\\/politica-de-privacitat\\\/\",\"url\":\"https:\\\/\\\/www.blubic.com\\\/ca\\\/politica-de-privacitat\\\/\",\"name\":\"Pol\u00edtica de Privacitat - Blubic\",\"isPartOf\":{\"@id\":\"https:\\\/\\\/www.blubic.com\\\/#website\"},\"datePublished\":\"2025-12-11T13:47:39+00:00\",\"dateModified\":\"2026-01-16T08:39:50+00:00\",\"breadcrumb\":{\"@id\":\"https:\\\/\\\/www.blubic.com\\\/ca\\\/politica-de-privacitat\\\/#breadcrumb\"},\"inLanguage\":\"ca\",\"potentialAction\":[{\"@type\":\"ReadAction\",\"target\":[\"https:\\\/\\\/www.blubic.com\\\/ca\\\/politica-de-privacitat\\\/\"]}]},{\"@type\":\"BreadcrumbList\",\"@id\":\"https:\\\/\\\/www.blubic.com\\\/ca\\\/politica-de-privacitat\\\/#breadcrumb\",\"itemListElement\":[{\"@type\":\"ListItem\",\"position\":1,\"name\":\"Portada\",\"item\":\"https:\\\/\\\/www.blubic.com\\\/inici\\\/\"},{\"@type\":\"ListItem\",\"position\":2,\"name\":\"Pol\u00edtica de Privacitat\"}]},{\"@type\":\"WebSite\",\"@id\":\"https:\\\/\\\/www.blubic.com\\\/#website\",\"url\":\"https:\\\/\\\/www.blubic.com\\\/\",\"name\":\"Blubic\",\"description\":\"\",\"publisher\":{\"@id\":\"https:\\\/\\\/www.blubic.com\\\/#organization\"},\"potentialAction\":[{\"@type\":\"SearchAction\",\"target\":{\"@type\":\"EntryPoint\",\"urlTemplate\":\"https:\\\/\\\/www.blubic.com\\\/?s={search_term_string}\"},\"query-input\":{\"@type\":\"PropertyValueSpecification\",\"valueRequired\":true,\"valueName\":\"search_term_string\"}}],\"inLanguage\":\"ca\"},{\"@type\":\"Organization\",\"@id\":\"https:\\\/\\\/www.blubic.com\\\/#organization\",\"name\":\"Blubic\",\"url\":\"https:\\\/\\\/www.blubic.com\\\/\",\"logo\":{\"@type\":\"ImageObject\",\"inLanguage\":\"ca\",\"@id\":\"https:\\\/\\\/www.blubic.com\\\/#\\\/schema\\\/logo\\\/image\\\/\",\"url\":\"https:\\\/\\\/www.blubic.com\\\/wp-content\\\/uploads\\\/2025\\\/11\\\/bublic_logo_horizontal_cpd.png\",\"contentUrl\":\"https:\\\/\\\/www.blubic.com\\\/wp-content\\\/uploads\\\/2025\\\/11\\\/bublic_logo_horizontal_cpd.png\",\"width\":1562,\"height\":388,\"caption\":\"Blubic\"},\"image\":{\"@id\":\"https:\\\/\\\/www.blubic.com\\\/#\\\/schema\\\/logo\\\/image\\\/\"}}]}<\/script>\n<!-- \/ Yoast SEO plugin. -->","yoast_head_json":{"title":"Pol\u00edtica de Privacitat - Blubic","robots":{"index":"index","follow":"follow","max-snippet":"max-snippet:-1","max-image-preview":"max-image-preview:large","max-video-preview":"max-video-preview:-1"},"canonical":"https:\/\/www.blubic.com\/ca\/politica-de-privacitat\/","og_locale":"ca_ES","og_type":"article","og_title":"Pol\u00edtica de Privacitat - Blubic","og_description":"Dades del responsable del tractament Denominaci\u00f3 social: Eduardo Martinez GarciaDNI: 37747751JDomicili social: C\/Eslida, 5 08840 ViladecansEmail: info@blubic.com Normativa aplicable La nostra Pol\u00edtica de Privadesa s&#8217;ha dissenyat d&#8217;acord amb el Reglament General de Protecci\u00f3 de Dades de la UE 2016\/679 del Parlament Europeu i del Consell, de 27 d&#8217;abril de 2016, relatiu a la protecci\u00f3 de [&hellip;]","og_url":"https:\/\/www.blubic.com\/ca\/politica-de-privacitat\/","og_site_name":"Blubic","article_modified_time":"2026-01-16T08:39:50+00:00","twitter_card":"summary_large_image","twitter_misc":{"Temps estimat de lectura":"4 minuts"},"schema":{"@context":"https:\/\/schema.org","@graph":[{"@type":"WebPage","@id":"https:\/\/www.blubic.com\/ca\/politica-de-privacitat\/","url":"https:\/\/www.blubic.com\/ca\/politica-de-privacitat\/","name":"Pol\u00edtica de Privacitat - Blubic","isPartOf":{"@id":"https:\/\/www.blubic.com\/#website"},"datePublished":"2025-12-11T13:47:39+00:00","dateModified":"2026-01-16T08:39:50+00:00","breadcrumb":{"@id":"https:\/\/www.blubic.com\/ca\/politica-de-privacitat\/#breadcrumb"},"inLanguage":"ca","potentialAction":[{"@type":"ReadAction","target":["https:\/\/www.blubic.com\/ca\/politica-de-privacitat\/"]}]},{"@type":"BreadcrumbList","@id":"https:\/\/www.blubic.com\/ca\/politica-de-privacitat\/#breadcrumb","itemListElement":[{"@type":"ListItem","position":1,"name":"Portada","item":"https:\/\/www.blubic.com\/inici\/"},{"@type":"ListItem","position":2,"name":"Pol\u00edtica de Privacitat"}]},{"@type":"WebSite","@id":"https:\/\/www.blubic.com\/#website","url":"https:\/\/www.blubic.com\/","name":"Blubic","description":"","publisher":{"@id":"https:\/\/www.blubic.com\/#organization"},"potentialAction":[{"@type":"SearchAction","target":{"@type":"EntryPoint","urlTemplate":"https:\/\/www.blubic.com\/?s={search_term_string}"},"query-input":{"@type":"PropertyValueSpecification","valueRequired":true,"valueName":"search_term_string"}}],"inLanguage":"ca"},{"@type":"Organization","@id":"https:\/\/www.blubic.com\/#organization","name":"Blubic","url":"https:\/\/www.blubic.com\/","logo":{"@type":"ImageObject","inLanguage":"ca","@id":"https:\/\/www.blubic.com\/#\/schema\/logo\/image\/","url":"https:\/\/www.blubic.com\/wp-content\/uploads\/2025\/11\/bublic_logo_horizontal_cpd.png","contentUrl":"https:\/\/www.blubic.com\/wp-content\/uploads\/2025\/11\/bublic_logo_horizontal_cpd.png","width":1562,"height":388,"caption":"Blubic"},"image":{"@id":"https:\/\/www.blubic.com\/#\/schema\/logo\/image\/"}}]}},"_links":{"self":[{"href":"https:\/\/www.blubic.com\/ca\/wp-json\/wp\/v2\/pages\/1291","targetHints":{"allow":["GET"]}}],"collection":[{"href":"https:\/\/www.blubic.com\/ca\/wp-json\/wp\/v2\/pages"}],"about":[{"href":"https:\/\/www.blubic.com\/ca\/wp-json\/wp\/v2\/types\/page"}],"author":[{"embeddable":true,"href":"https:\/\/www.blubic.com\/ca\/wp-json\/wp\/v2\/users\/1"}],"replies":[{"embeddable":true,"href":"https:\/\/www.blubic.com\/ca\/wp-json\/wp\/v2\/comments?post=1291"}],"version-history":[{"count":0,"href":"https:\/\/www.blubic.com\/ca\/wp-json\/wp\/v2\/pages\/1291\/revisions"}],"wp:attachment":[{"href":"https:\/\/www.blubic.com\/ca\/wp-json\/wp\/v2\/media?parent=1291"}],"curies":[{"name":"wp","href":"https:\/\/api.w.org\/{rel}","templated":true}]}}